{"id":73,"date":"2012-11-26T15:42:38","date_gmt":"2012-11-26T14:42:38","guid":{"rendered":"http:\/\/lidija-kralj.from.hr\/?page_id=73"},"modified":"2026-01-01T17:40:08","modified_gmt":"2026-01-01T16:40:08","slug":"lidija-kralj-2","status":"publish","type":"page","link":"http:\/\/lidija-kralj.from.hr\/?page_id=73","title":{"rendered":"Lidija Kralj"},"content":{"rendered":"<p>I am an international analyst and expert in data and AI in education, a member of the European Commission\u2019s working groups on Artificial intelligence and data in education and training, High-quality Informatics, digital education, and Safer internet; EC &amp; OECD expert team for AI Literacy; UNESCO and Council of Europe workgroups on AI and education and Digital citizenship. I participated in three EDEH Squads in past three years, contributed to the workshops and final outputs while continuously promoting EDEH activities \u2013 which resulted with promotion to EDEH ambassador in 2025. I am a member of the Bebras board and author of digital learning resources and textbooks, as well as an advisor and teacher trainer, researcher and analyst of DigComp 3.0, education area and regulations for JRC. Had been working at the Ministry of Science and Education in Croatia, where I led curriculum reforms. I am also an eLearning and project manager for several international projects and a lecturer in Mathematics and Computer Science with 30 years of experience, currently working as a senior analyst at European Schoolnet and a development lead in NGO &#8220;Suradnici u u\u010denju. I have multifaceted expertise grounded in policy advice, monitoring of implementation processes, analytical work, and knowledge and experience of the EU education programmes, funds and committees (Erasmus+, Structural Reform Support Programme, European Social Fund, CAST, CERV etc.).<br \/>\nYou may reach me via e-mail lidija.kralj at ucitelji.hr or at LinkedIn <a href=\"https:\/\/www.linkedin.com\/in\/lidijakralj\/\">@LidijaKralj<\/a><\/p>\n<p><a href=\"http:\/\/lidija-kralj.from.hr\/files\/2026\/01\/LK-11-2025.pdf\">My Europass CV<\/a>.&nbsp;<a href=\"http:\/\/lidija-kralj.from.hr\/files\/2026\/01\/LK-11-2025.pdf\">LK-11-2025<\/a><\/p>\n<h2>Some of my work<\/h2>\n<ol>\n<li><a href=\"http:\/\/agile-edu.eun.org\/documents\/9709807\/9862864\/AgileEDU-MoE-1survey-26-6-2023.pdf\/c54ef3d4-919e-4590-b233-783755cad114\">Comparative overview data for learning use in EU countries<\/a>, Agile EDU project (2023)<\/li>\n<li>Digital skills \u2013 EU countries overview (25 articles, 2023) <a href=\"https:\/\/digital-skills-jobs.europa.eu\/en\/latest\/briefs\">Digital Skills and Jobs platform<\/a><\/li>\n<li>European Commission (2022) <a href=\"https:\/\/op.europa.eu\/en\/publication-detail\/-\/publication\/d81a0d54-5348-11ed-92ed-01aa75ed71a1\">Ethical guidelines on the use of artificial intelligence (AI) and data in teaching and learning for educators<\/a><\/li>\n<li><a href=\"http:\/\/lidija-kralj.from.hr\/?p=572\">European Digital Education Hub Squad \u201cAI in Education\u201d Briefing reports<\/a> (2023):\n<ol>\n<li>Teachers\u2019 competences<\/li>\n<li>How to support teachers to use AI in teaching<\/li>\n<li>Use scenarios &amp; practical examples of AI use in education<\/li>\n<li>Education about AI<\/li>\n<li>Influence of AI on governance in education<\/li>\n<li>AI and Ethics, human rights, law, education data<\/li>\n<li>Teaching with AI \u2013 assessment, feedback and personalisation<\/li>\n<\/ol>\n<\/li>\n<li>European Commission (2022) <a href=\"https:\/\/publications.jrc.ec.europa.eu\/repository\/handle\/JRC128415\">Digital Competences Framework for Citizens<\/a> (DigComp 2.2) update<\/li>\n<li>UNESCO (2023) <a href=\"https:\/\/www.broadbandcommission.org\/wp-content\/uploads\/2023\/10\/Broadband-Commission-Working-Group-on-Data-for-Learning-Report.pdf\">The Transformative Potential of Data for Learning<\/a>, UNESCO Working Group Report on Data for Learning<\/li>\n<li><a href=\"http:\/\/agile-edu.eun.org\/news\/detail?articleId=9867204\">What Should we Know Before Using Chat GPT in Schools?<\/a> An Interview with Lidija Kralj, Agile EDU project (2023)<\/li>\n<li>Kralj, Lidija (2022) <a href=\"https:\/\/bit.ly\/3rdAgile_Report\">Student data &#8211; what is collected and for which purpose<\/a>, Agile collection of information, European Schoolnet<\/li>\n<li>Kralj, Lidija (2022) <a href=\"http:\/\/www.eun.org\/documents\/411753\/7847910\/Recovery+and+resilience+plans+for+education+Report\/038db156-e641-41d2-856b-18648403dd79\">Recovery and Resilience plans for Education<\/a>, Agile collection of information, European Schoolnet<\/li>\n<li>Kralj, Lidija (2021) <a href=\"http:\/\/www.eun.org\/documents\/411753\/7847910\/Recovery+and+resilience+plans+for+education+Report\/038db156-e641-41d2-856b-18648403dd79\">Artificial intelligence Role in K12 Education<\/a>, Agile collection of information, European Schoolnet<\/li>\n<li>Kralj, Lidija (2021) <a href=\"https:\/\/school-education.ec.europa.eu\/en\/insights\/viewpoints\/it-time-agile-pedagogical-digital-competences\">Is it time for agile pedagogical digital competences<\/a>? European School Education Platform<\/li>\n<li>Kralj, Lidija, Bilgin, Antoine (2021) <a href=\"http:\/\/www.eun.org\/documents\/411753\/665824\/Perspective+n8+v3.pdf\/85054ef6-e8c7-4986-89de-418d6d4621f1\">Learning lessons to build resilience in times of crisis<\/a>, Perspective, European Schoolnet<\/li>\n<li>Kralj, Lidija (2021). <a href=\"https:\/\/uciteljihr-my.sharepoint.com\/:b:\/g\/personal\/lidija_kralj_ucitelji_hr\/ESWTuUFzE9BOmUHzK_hXBgcBHgesPGNReozUurn43zMJ7g?e=LQyxzf\">Mentoring Teams as a Model of Supporting Distance Teaching: The Croatian Example<\/a>. In G. Panconesi, &amp; M. Guida (Eds.), Handbook of Research on Teaching With Virtual Environments and AI (pp. 86-118). IGI Global. <a href=\"http:\/\/doi:10.4018\/978-1-7998-7638-0.ch005\">http:\/\/doi:10.4018\/978-1-7998-7638-0.ch005<\/a><\/li>\n<\/ol>\n<p><span style=\"color: #ff99cc\">Profesionalna u\u010diteljica, po zvanju, zanimanju i unutarnjoj motivaciji. Sve \u0161to nau\u010dim dijelim s kolegama, u\u010denicima i svima koje zanima. Uspje\u0161nost pou\u010davanja otkrivam u kombiniranju stvarnog i virtualnog svijeta; od kule za princezu do dru\u0161tvenih mre\u017ea.<\/span><\/p>\n<p>e-Learning menad\u017eer, voditeljica projekata i timova, savjetnica za obrazovanje te profesorica matematike i informatike s tridesetogodi\u0161njim iskustvom. Od 2017. do 2020. bila sam pomo\u0107nica ministrice znanosti i obrazovanja te vodila kurikularnu reformu i niz nacionalnih i internacionalnih projekata.&nbsp;Od 2015. godine radila sam na izradi kurikuluma osnovno\u0161kolskog obrazovanja, me\u0111upredmetne teme Uporaba informacijske i komunikacijske tehnologije te nastavnog predmeta Informatike. Sedam godina bila sam eTwinning ambasadorica, a sigurnijim i boljim internetom za djecu bavim se od 2008.<\/p>\n<p>\u010clanica sam nekoliko radnih skupina EU, izme\u0111u ostalih Stru\u010dne skupine za Umjetnu inteligenciju i podatke u obrazovanju (DG EAC) Radne skupine za digitalno obrazovanje, u\u010denje, pou\u010davanje i vrednovanje (DELTA, DG EAC) i Stru\u010dne radne skupine za sigurniji Internet za djecu ( DG CONNECT).<\/p>\n<p>Kao stru\u010dnjakinja za umjetnu inteligenciju u obrazovanju sura\u0111ujem s Europskom komisijom, Vije\u0107em Europe i UNESCO-m.<\/p>\n<p>Autorica sam vi\u0161e od 20 ud\u017ebenika i zbirki za informatiku i matematiku za osnovne i srednje \u0161kole, niza priru\u010dnika o uporabi digitalnih tehnologija i sigurnijem internetu, nekoliko edukativnih, multimedijskih programa za u\u010denje matematike, online te\u010daja \u201cLogo \u2013 online u\u010denje programiranja\u201d te niza digitalnih obrazovnih sadr\u017eaja, e-te\u010dajeva te edukacija za u\u010ditelje, djecu, roditelje i lokalnu zajednicu.<\/p>\n<p>Previ\u0161e vremena provodim na internetu pa \u0107ete me lak\u0161e prona\u0107i online nego offline. Najbr\u017ee, elektroni\u010dkom po\u0161tom lidija.kralj at ucitelji.hr ili na LinkedInu <a href=\"https:\/\/www.linkedin.com\/in\/lidijakralj\/\">@LidijaKralj<\/a><\/p>\n<p>Sve napisano predstavlja moje stavove i mi\u0161ljenja&nbsp;i ne odra\u017eava stavove institucija s kojima sura\u0111ujem.<\/p>\n<p>Objavljeni \u010dlanci&nbsp;dostupni su za daljnje kori\u0161tenje pod Creative Commons licencom: <a href=\"http:\/\/creativecommons.org\/licenses\/by-nc-nd\/3.0\/hr\/\" target=\"_blank\" rel=\"noopener\">Imenovanje-Nekomercijalno-Bez prerada 3.0 Hrvatska&nbsp;&nbsp;&nbsp; (CC BY-NC-ND 3.0) <\/a>uz obaveznu poveznicu na originalnu objavu.<\/p>\n<p>&nbsp;<\/p>\n","protected":false},"excerpt":{"rendered":"<p>I am an international analyst and expert in data and AI in education, a member of the European Commission\u2019s working groups on Artificial intelligence and data in education and training, High-quality Informatics, digital education, and Safer internet; EC &amp; OECD &hellip; <a href=\"http:\/\/lidija-kralj.from.hr\/?page_id=73\">Nastavi \u010ditati <span class=\"meta-nav\">&rarr;<\/span><\/a><\/p>\n","protected":false},"author":263,"featured_media":0,"parent":0,"menu_order":0,"comment_status":"closed","ping_status":"closed","template":"","meta":{"ngg_post_thumbnail":0},"yoast_head":"<!-- This site is optimized with the Yoast SEO plugin v17.5 - https:\/\/yoast.com\/wordpress\/plugins\/seo\/ -->\n<meta name=\"robots\" content=\"index, follow, max-snippet:-1, max-image-preview:large, max-video-preview:-1\" \/>\n<link rel=\"canonical\" href=\"http:\/\/lidija-kralj.from.hr\/?page_id=73\" \/>\n<meta property=\"og:locale\" content=\"hr_HR\" \/>\n<meta property=\"og:type\" content=\"article\" \/>\n<meta property=\"og:title\" content=\"Lidija Kralj - Digitalni tragovi \/ Digital traces\" \/>\n<meta property=\"og:description\" content=\"I am an international analyst and expert in data and AI in education, a member of the European Commission\u2019s working groups on Artificial intelligence and data in education and training, High-quality Informatics, digital education, and Safer internet; EC &amp; OECD &hellip; Nastavi \u010ditati &rarr;\" \/>\n<meta property=\"og:url\" content=\"http:\/\/lidija-kralj.from.hr\/?page_id=73\" \/>\n<meta property=\"og:site_name\" content=\"Digitalni tragovi \/ Digital traces\" \/>\n<meta property=\"article:modified_time\" content=\"2026-01-01T16:40:08+00:00\" \/>\n<meta name=\"twitter:card\" content=\"summary\" \/>\n<meta name=\"twitter:label1\" content=\"Procijenjeno vrijeme \u010ditanja\" \/>\n\t<meta name=\"twitter:data1\" content=\"4 minute\" \/>\n<script type=\"application\/ld+json\" class=\"yoast-schema-graph\">{\"@context\":\"https:\/\/schema.org\",\"@graph\":[{\"@type\":\"WebSite\",\"@id\":\"http:\/\/lidija-kralj.from.hr\/#website\",\"url\":\"http:\/\/lidija-kralj.from.hr\/\",\"name\":\"Digitalni tragovi \/ Digital traces\",\"description\":\"Kakve tragove ostavljate u virtualnom svijetu? \/ What traces do you leave in the virtual world?\",\"potentialAction\":[{\"@type\":\"SearchAction\",\"target\":{\"@type\":\"EntryPoint\",\"urlTemplate\":\"http:\/\/lidija-kralj.from.hr\/?s={search_term_string}\"},\"query-input\":\"required name=search_term_string\"}],\"inLanguage\":\"hr\"},{\"@type\":\"WebPage\",\"@id\":\"http:\/\/lidija-kralj.from.hr\/?page_id=73#webpage\",\"url\":\"http:\/\/lidija-kralj.from.hr\/?page_id=73\",\"name\":\"Lidija Kralj - Digitalni tragovi \/ Digital traces\",\"isPartOf\":{\"@id\":\"http:\/\/lidija-kralj.from.hr\/#website\"},\"datePublished\":\"2012-11-26T14:42:38+00:00\",\"dateModified\":\"2026-01-01T16:40:08+00:00\",\"breadcrumb\":{\"@id\":\"http:\/\/lidija-kralj.from.hr\/?page_id=73#breadcrumb\"},\"inLanguage\":\"hr\",\"potentialAction\":[{\"@type\":\"ReadAction\",\"target\":[\"http:\/\/lidija-kralj.from.hr\/?page_id=73\"]}]},{\"@type\":\"BreadcrumbList\",\"@id\":\"http:\/\/lidija-kralj.from.hr\/?page_id=73#breadcrumb\",\"itemListElement\":[{\"@type\":\"ListItem\",\"position\":1,\"name\":\"Home\",\"item\":\"http:\/\/lidija-kralj.from.hr\/\"},{\"@type\":\"ListItem\",\"position\":2,\"name\":\"Lidija Kralj\"}]}]}<\/script>\n<!-- \/ Yoast SEO plugin. -->","yoast_head_json":{"robots":{"index":"index","follow":"follow","max-snippet":"max-snippet:-1","max-image-preview":"max-image-preview:large","max-video-preview":"max-video-preview:-1"},"canonical":"http:\/\/lidija-kralj.from.hr\/?page_id=73","og_locale":"hr_HR","og_type":"article","og_title":"Lidija Kralj - Digitalni tragovi \/ Digital traces","og_description":"I am an international analyst and expert in data and AI in education, a member of the European Commission\u2019s working groups on Artificial intelligence and data in education and training, High-quality Informatics, digital education, and Safer internet; EC &amp; OECD &hellip; Nastavi \u010ditati &rarr;","og_url":"http:\/\/lidija-kralj.from.hr\/?page_id=73","og_site_name":"Digitalni tragovi \/ Digital traces","article_modified_time":"2026-01-01T16:40:08+00:00","twitter_card":"summary","twitter_misc":{"Procijenjeno vrijeme \u010ditanja":"4 minute"},"schema":{"@context":"https:\/\/schema.org","@graph":[{"@type":"WebSite","@id":"http:\/\/lidija-kralj.from.hr\/#website","url":"http:\/\/lidija-kralj.from.hr\/","name":"Digitalni tragovi \/ Digital traces","description":"Kakve tragove ostavljate u virtualnom svijetu? \/ What traces do you leave in the virtual world?","potentialAction":[{"@type":"SearchAction","target":{"@type":"EntryPoint","urlTemplate":"http:\/\/lidija-kralj.from.hr\/?s={search_term_string}"},"query-input":"required name=search_term_string"}],"inLanguage":"hr"},{"@type":"WebPage","@id":"http:\/\/lidija-kralj.from.hr\/?page_id=73#webpage","url":"http:\/\/lidija-kralj.from.hr\/?page_id=73","name":"Lidija Kralj - Digitalni tragovi \/ Digital traces","isPartOf":{"@id":"http:\/\/lidija-kralj.from.hr\/#website"},"datePublished":"2012-11-26T14:42:38+00:00","dateModified":"2026-01-01T16:40:08+00:00","breadcrumb":{"@id":"http:\/\/lidija-kralj.from.hr\/?page_id=73#breadcrumb"},"inLanguage":"hr","potentialAction":[{"@type":"ReadAction","target":["http:\/\/lidija-kralj.from.hr\/?page_id=73"]}]},{"@type":"BreadcrumbList","@id":"http:\/\/lidija-kralj.from.hr\/?page_id=73#breadcrumb","itemListElement":[{"@type":"ListItem","position":1,"name":"Home","item":"http:\/\/lidija-kralj.from.hr\/"},{"@type":"ListItem","position":2,"name":"Lidija Kralj"}]}]}},"_links":{"self":[{"href":"http:\/\/lidija-kralj.from.hr\/index.php?rest_route=\/wp\/v2\/pages\/73"}],"collection":[{"href":"http:\/\/lidija-kralj.from.hr\/index.php?rest_route=\/wp\/v2\/pages"}],"about":[{"href":"http:\/\/lidija-kralj.from.hr\/index.php?rest_route=\/wp\/v2\/types\/page"}],"author":[{"embeddable":true,"href":"http:\/\/lidija-kralj.from.hr\/index.php?rest_route=\/wp\/v2\/users\/263"}],"replies":[{"embeddable":true,"href":"http:\/\/lidija-kralj.from.hr\/index.php?rest_route=%2Fwp%2Fv2%2Fcomments&post=73"}],"version-history":[{"count":23,"href":"http:\/\/lidija-kralj.from.hr\/index.php?rest_route=\/wp\/v2\/pages\/73\/revisions"}],"predecessor-version":[{"id":797,"href":"http:\/\/lidija-kralj.from.hr\/index.php?rest_route=\/wp\/v2\/pages\/73\/revisions\/797"}],"wp:attachment":[{"href":"http:\/\/lidija-kralj.from.hr\/index.php?rest_route=%2Fwp%2Fv2%2Fmedia&parent=73"}],"curies":[{"name":"wp","href":"https:\/\/api.w.org\/{rel}","templated":true}]}}